{"id":2032,"date":"2021-05-25T09:53:18","date_gmt":"2021-05-25T09:53:18","guid":{"rendered":"http:\/\/abibcor.org.ar\/portalbibliotecaspopularescba\/?page_id=2032"},"modified":"2021-05-25T16:51:18","modified_gmt":"2021-05-25T16:51:18","slug":"2020-2","status":"publish","type":"page","link":"https:\/\/abibcor.org.ar\/portalbibliotecaspopularescba\/2020-2\/","title":{"rendered":"2020"},"content":{"rendered":"<p><strong><span style=\"color: #339966;\">Jornadas:<\/span> <span style=\"color: #ff6600;\">Jornada de Bibliotecas Populares \u201cDesde el relato a los desaf\u00edos para el 2021\u201d.<\/span><\/strong> Asociaci\u00f3n Bibliotecarios de C\u00f3rdoba. 30\/11\/2021. Objetivo General Reivindicar en tiempos de pandemia, el rol social de las Bibliotecas Populares de la provincia de C\u00f3rdoba, visibilizando su trabajo a fin de concebir la real importancia que cumplen como referentes comunitarias. Objetivos espec\u00edficos: Indagar sobre la situaci\u00f3n de las bibliotecas populares de la Provincia de C\u00f3rdoba mediante una consulta colectiva antes del 20 de Noviembre de 2020. &#8211; Conocer las problem\u00e1ticas comunes de estas bibliotecas mediante sus relatos, a fin de aunar criterios en la b\u00fasqueda de soluciones. &#8211; Generar canales de comunicaci\u00f3n destinados a entablar lazos permanentes entre la Asociaci\u00f3n Bibliotecarios de C\u00f3rdoba y las Bibliotecas Populares de la provincia de C\u00f3rdoba. <span style=\"color: #339966;\"><strong>Enlace:<\/strong><\/span>\u00a0<strong><a href=\"https:\/\/www.youtube.com\/watch?v=XnMLYzYOOZo\">https:\/\/www.youtube.com\/watch?v=XnMLYzYOOZo<\/a><\/strong><\/p>\n<p style=\"text-align: center;\"><iframe loading=\"lazy\" title=\"YouTube video player\" src=\"https:\/\/www.youtube.com\/embed\/XnMLYzYOOZo\" width=\"560\" height=\"315\" frameborder=\"0\" allowfullscreen=\"allowfullscreen\"><\/iframe><\/p>\n<p><span style=\"color: #008000;\"><strong>Capacitaci\u00f3n: <\/strong><\/span>Taller de riesgos psicosociales dirigido al personal de unidades de informaci\u00f3n. 1\u00b0 Encuentro. Capacitador: Lic. Rub\u00e9n Giaconi. Asociaci\u00f3n Bibliotecarios de C\u00f3rdoba. 26\/11\/2021. Los factores psicosociales en el \u00e1mbito ocupacional hacen referencia a situaciones y condiciones inherentes al trabajo y relacionadas al tipo de organizaci\u00f3n, al contenido del trabajo y la ejecuci\u00f3n de la tarea, y que tienen la capacidad de afectar, en forma positiva o negativa, el bienestar y la salud (f\u00edsica, ps\u00edquica o social) del trabajador y sus condiciones de trabajo. El estudio de estos factores, especialmente en su afectaci\u00f3n negativa hacia los individuos, ha estado ligado al concepto de \u201cestr\u00e9s\u201d. La evidencia cient\u00edfica sugiere que experiencias continuas de estr\u00e9s en el trabajo proveen de una importante conexi\u00f3n entre la exposici\u00f3n de los trabajadores a riesgos psicosociales y la aparici\u00f3n de enfermedades Dependiendo de c\u00f3mo interact\u00faan, los factores psicosociales en el trabajo pueden ser tanto elementos positivos -que llevan al bienestar de los trabajadores, y secundariamente a un aumento de su rendimiento laboral-, como tambi\u00e9n elementos negativos, constituy\u00e9ndose en este caso en riesgos para la salud y relacionados entre otros al ausentismo, la motivaci\u00f3n y el desempe\u00f1o. En este sentido, los factores de riesgo tienen efectos sobre la empresa, el trabajo y el trabajador. En el abordaje epidemiol\u00f3gico sobre problemas mentales asociados al trabajo, es posible constatar una amplia diversidad de factores de riesgo que han sido estudiados. <span style=\"color: #339966;\"><strong>Enlace:<\/strong>\u00a0<strong><a href=\"https:\/\/www.youtube.com\/watch?v=BurarNEVlBA\">https:\/\/www.youtube.com\/watch?v=BurarNEVlBA<\/a><\/strong><\/span><\/p>\n<p style=\"text-align: center;\"><iframe loading=\"lazy\" title=\"YouTube video player\" src=\"https:\/\/www.youtube.com\/embed\/BurarNEVlBA\" width=\"560\" height=\"315\" frameborder=\"0\" allowfullscreen=\"allowfullscreen\"><\/iframe><\/p>\n<p><strong><span style=\"color: #339966;\">Capacitaci\u00f3n:<\/span><\/strong> Taller de riesgos psicosociales dirigido al personal de unidades de informaci\u00f3n. 2\u00ba encuentro. Capacitador: Lic. Rub\u00e9n Giaconi. Asociaci\u00f3n Bibliotecarios de C\u00f3rdoba. 26\/11\/2021. Los factores psicosociales en el \u00e1mbito ocupacional hacen referencia a situaciones y condiciones inherentes al trabajo y relacionadas al tipo de organizaci\u00f3n, al contenido del trabajo y la ejecuci\u00f3n de la tarea, y que tienen la capacidad de afectar, en forma positiva o negativa, el bienestar y la salud (f\u00edsica, ps\u00edquica o social) del trabajador y sus condiciones de trabajo. El estudio de estos factores, especialmente en su afectaci\u00f3n negativa hacia los individuos, ha estado ligado al concepto de \u201cestr\u00e9s\u201d. La evidencia cient\u00edfica sugiere que experiencias continuas de estr\u00e9s en el trabajo proveen de una importante conexi\u00f3n entre la exposici\u00f3n de los trabajadores a riesgos psicosociales y la aparici\u00f3n de enfermedades Dependiendo de c\u00f3mo interact\u00faan, los factores psicosociales en el trabajo pueden ser tanto elementos positivos -que llevan al bienestar de los trabajadores, y secundariamente a un aumento de su rendimiento laboral-, como tambi\u00e9n elementos negativos, constituy\u00e9ndose en este caso en riesgos para la salud y relacionados entre otros al ausentismo, la motivaci\u00f3n y el desempe\u00f1o. En este sentido, los factores de riesgo tienen efectos sobre la empresa, el trabajo y el trabajador. En el abordaje epidemiol\u00f3gico sobre problemas mentales asociados al trabajo, es posible constatar una amplia diversidad de factores de riesgo que han sido estudiados. <strong><span style=\"color: #339966;\">Enlace:<\/span><\/strong>\u00a0<strong><a href=\"https:\/\/www.youtube.com\/watch?v=oOVFA4P8mjk\">https:\/\/www.youtube.com\/watch?v=oOVFA4P8mjk<\/a><\/strong><\/p>\n<p style=\"text-align: center;\"><iframe loading=\"lazy\" title=\"YouTube video player\" src=\"https:\/\/www.youtube.com\/embed\/oOVFA4P8mjk\" width=\"560\" height=\"315\" frameborder=\"0\" allowfullscreen=\"allowfullscreen\"><\/iframe><\/p>\n<p><strong><span style=\"color: #339966;\">Capacitaci\u00f3n:<\/span> <\/strong>Taller sobre identificaci\u00f3n de micro y macro acciones bibliocl\u00e1sticas. Encuentro 4. Coordinadore Mela Bosch y Silvia Fois. Asociaci\u00f3n Bibliotecarios de C\u00f3rdoba 10\/12\/2020. La importancia de los dispositivos. \u00bfpor qu\u00e9 una ley es un dispositivo? Ley contra la biblioclastia. \u00bfPor qu\u00e9 pensamos que una ley puede ser un instrumento de resistencia y resiliencia? No centrarse en las obligaciones y punibilidad \u00fanicamente, sino en las acciones y efectos que favorezcan la accesibilidad y equidad en el conocimiento entendida como derecho humano. Despejar y hacer expl\u00edcitos qu\u00e9 son y cu\u00e1les son los efectos de la biblioclastia. Diferenciar entre ideolog\u00eda y efectos. <span style=\"color: #339966;\"><strong>Enlace:\u00a0<a href=\"https:\/\/www.youtube.com\/watch?v=kJMvQotSWu0\">https:\/\/www.youtube.com\/watch?v=kJMvQotSWu0<\/a><\/strong><\/span><\/p>\n<p style=\"text-align: center;\"><iframe loading=\"lazy\" title=\"YouTube video player\" src=\"https:\/\/www.youtube.com\/embed\/kJMvQotSWu0\" width=\"560\" height=\"315\" frameborder=\"0\" allowfullscreen=\"allowfullscreen\"><\/iframe><\/p>\n<p><span style=\"color: #008000;\"><strong>Capacitaci\u00f3n:<\/strong><\/span> Taller sobre la identificaci\u00f3n de micro y macro acciones bibliocl\u00e1stica. Encuentro 3 Coordinadores Mela Bosch y Silvia Fois Asociaci\u00f3n Bibliotecarios de C\u00f3rdoba 09\/11\/2021. De las pr\u00e1cticas a los procedimientos y a los dispositivos: exploraci\u00f3n y estudio de procedimientos bibliocl\u00e1sticos: algoritmos cibern\u00e9ticos, evaluaciones y tendencias de mercado, desfinanciaci\u00f3n, desvalorizaci\u00f3n, etc. Se relevar\u00e1n, se identificanr\u00e1n y se denominar\u00e1n tomando como referencia nuestro vocabulario sobre biblioclastia. Consideraci\u00f3n de la \u00e9tica en los procedimientos y dispositivos, orientaci\u00f3n hacia una \u00e9tica no como un conjunto de deberes, no un deber ser, sino un ser. (Spinoza). <span style=\"color: #008000;\"><strong>Enlace:<\/strong><\/span>\u00a0<strong><a href=\"https:\/\/www.youtube.com\/watch?v=BktEF_z7NFI\">https:\/\/www.youtube.com\/watch?v=BktEF_z7NFI<\/a><\/strong><\/p>\n<p style=\"text-align: center;\"><iframe loading=\"lazy\" title=\"YouTube video player\" src=\"https:\/\/www.youtube.com\/embed\/BktEF_z7NFI\" width=\"560\" height=\"315\" frameborder=\"0\" allowfullscreen=\"allowfullscreen\"><\/iframe><\/p>\n<p><span style=\"color: #008000;\"><strong>Capacitaci\u00f3n:<\/strong> <strong>Taller sobre la identificaci\u00f3n de micro y macro acciones bibliocl\u00e1stica.<\/strong><\/span>\u00a0Encuentro 2. Coordinadores Mela Bosch y Silvia Fois. Asociaci\u00f3n Bibliotecarios de C\u00f3rdoba. 05\/11\/2020. Las pr\u00e1cticas y conductas bibliocl\u00e1sticas: deconstrucci\u00f3n de casos presentados por los participandes. Considerar no solo las causas, sino ver los efectos m\u00e1s all\u00e1 de las intencionalidades expl\u00edcitas. Derechos humanos: cr\u00edtica de su formulaci\u00f3n en un ideal b\u00e1sico de suficiencia y subsistencia, que no previene las diferencias para hacerlos equitativos seg\u00fan la riqueza, g\u00e9nero, cultura, orientaci\u00f3n sexual y discapacidades. El acceso al conocimiento equitativo y abierto como derecho humano. <span style=\"color: #339966;\"><strong><span style=\"color: #008000;\">Enlace:<\/span>\u00a0<a href=\"https:\/\/www.youtube.com\/watch?v=arPrfctiKIM\">https:\/\/www.youtube.com\/watch?v=arPrfctiKIM<\/a><\/strong><\/span><\/p>\n<p style=\"text-align: center;\"><iframe loading=\"lazy\" title=\"YouTube video player\" src=\"https:\/\/www.youtube.com\/embed\/arPrfctiKIM\" width=\"560\" height=\"315\" frameborder=\"0\" allowfullscreen=\"allowfullscreen\"><\/iframe><\/p>\n<p style=\"text-align: left;\"><strong><span style=\"color: #008000;\">Capacitaci\u00f3n: Taller <\/span><\/strong><span class=\"style-scope yt-formatted-string\" dir=\"auto\"><strong><span style=\"color: #008000;\">sobre identificaci\u00f3n de micro y macro acciones bibliocl\u00e1sticas.<\/span> <\/strong>1\u00b0 Encuentro. Coordinadoras: Mela Bosch y Silvia Fois Basta Bibliocastia. Asociaci\u00f3n Bibliotecarios de C\u00f3rdoba. <\/span><span class=\"style-scope yt-formatted-string\" dir=\"auto\">22 de octubre de 2020 Horario: 11: 00 hs. <\/span><span class=\"style-scope yt-formatted-string\" dir=\"auto\">Primer encuentro: Nuestra definici\u00f3n extensa de biblioclastia. An\u00e1lisis cr\u00edtico del paradigma hegem\u00f3nico de conocimiento: blanco, euroc\u00e9ntrico, masculino. Consideraci\u00f3n sobre macro y micro acciones en la construcci\u00f3n de poder-saber. An\u00e1lisis de los conceptos vigilancia y punibilidad, reparaci\u00f3n, resistencia, resiliencia aplicados a la biblioclastia. <strong><span style=\"color: #008000;\">Enlace:<\/span>\u00a0<a href=\"https:\/\/www.youtube.com\/watch?v=JPgLp5sx0n4&amp;t=6s\">https:\/\/www.youtube.com\/watch?v=JPgLp5sx0n4&amp;t=6s<\/a><\/strong><\/span><\/p>\n<p style=\"text-align: center;\"><iframe loading=\"lazy\" title=\"YouTube video player\" src=\"https:\/\/www.youtube.com\/embed\/JPgLp5sx0n4\" width=\"560\" height=\"315\" frameborder=\"0\" allowfullscreen=\"allowfullscreen\"><\/iframe><\/p>\n<p><strong><span style=\"color: #339966;\">Congresos:<\/span> <\/strong>V Congreso Provincial de Bibliotecolog\u00eda \u201cSer y hacer bibliotecas en tiempos de pandemia\u201d El sistema de bibliotecas en el marco de la Pol\u00edtica Educativa de la Provincia de C\u00f3rdoba. Disertante: Mgter. Jorge Jaimez. Asociaci\u00f3n Bibliotecarios de C\u00f3rdoba, Biblioteca Provincial de Maestros y Red de Bibliotecas Pedag\u00f3gicas. 27\/10\/2020. En el contexto de la pandemia que estamos viviendo, resulta importante centrar nuestra mirada en las bibliotecas y revalorizarlas como instituciones de intercambio, de producci\u00f3n de saberes y fundamentalmente como espacios privilegiados para el fortalecimiento de los lazos sociales. Es el momento de afianzar v\u00ednculos y renovar compromisos con nuestros lectores, de aprender juntos e imaginar otras realidades posibles de \u201cser y hacer bibliotecas\u201d, para seguir garantizando el derecho a leer, la libertad de pensamiento y el acceso a la cultura. <strong><span style=\"color: #339966;\">Enlace:<\/span><\/strong>\u00a0<strong><a href=\"https:\/\/www.youtube.com\/watch?v=vlAYSV0c6mE\">https:\/\/www.youtube.com\/watch?v=vlAYSV0c6mE<\/a><\/strong><\/p>\n<p style=\"text-align: center;\"><iframe loading=\"lazy\" title=\"YouTube video player\" src=\"https:\/\/www.youtube.com\/embed\/vlAYSV0c6mE\" width=\"560\" height=\"315\" frameborder=\"0\" allowfullscreen=\"allowfullscreen\"><\/iframe><\/p>\n<p><span style=\"color: #008000;\"><strong>Congresos: <\/strong><\/span>V Congreso Provincial de Bibliotecolog\u00eda \u201cSer y hacer bibliotecas en tiempos de pandemia\u201d Como manipular y conservar los materiales bibliogr\u00e1ficos de las bibliotecas durante la pandemia. Disertante Julio Fabi\u00e1n Meli\u00e1n es Director de la Biblioteca del Hospital Nacional de Cl\u00ednicas Facultad de Medicina U.N.C. Asociaci\u00f3n Bibliotecarios de C\u00f3rdoba, Biblioteca Provincial de Maestros y Red de Bibliotecas Pedag\u00f3gicas. 27\/10\/2020. En el contexto de la pandemia que estamos viviendo, resulta importante centrar nuestra mirada en las bibliotecas y revalorizarlas como instituciones de intercambio, de producci\u00f3n de saberes y fundamentalmente como espacios privilegiados para el fortalecimiento de los lazos sociales. Es el momento de afianzar v\u00ednculos y renovar compromisos con nuestros lectores, de aprender juntos e imaginar otras realidades posibles de \u201cser y hacer bibliotecas\u201d, para seguir garantizando el derecho a leer, la libertad de pensamiento y el acceso a la cultura. <span style=\"color: #008000;\"><strong>Enlace:<\/strong><\/span>\u00a0<strong><a href=\"https:\/\/www.youtube.com\/watch?v=nEipYqCjjVQ\">https:\/\/www.youtube.com\/watch?v=nEipYqCjjVQ<\/a><\/strong><\/p>\n<p style=\"text-align: center;\"><iframe loading=\"lazy\" title=\"YouTube video player\" src=\"https:\/\/www.youtube.com\/embed\/nEipYqCjjVQ\" width=\"560\" height=\"315\" frameborder=\"0\" allowfullscreen=\"allowfullscreen\"><\/iframe><\/p>\n<p><span style=\"color: #008000;\"><strong>Congresos: <\/strong><\/span>V Congreso Provincial de Bibliotecolog\u00eda \u201cSer y hacer bibliotecas en tiempos de pandemia\u201d La lectura y su influencia en el proceso de escritura. Disertante: Ana Moglia. Asociaci\u00f3n Bibliotecarios de C\u00f3rdoba, Biblioteca Provincial de Maestros y Red de Bibliotecas Pedag\u00f3gicas. 27\/10\/2020. En el contexto de la pandemia que estamos viviendo, resulta importante centrar nuestra mirada en las bibliotecas y revalorizarlas como instituciones de intercambio, de producci\u00f3n de saberes y fundamentalmente como espacios privilegiados para el fortalecimiento de los lazos sociales. Es el momento de afianzar v\u00ednculos y renovar compromisos con nuestros lectores, de aprender juntos e imaginar otras realidades posibles de \u201cser y hacer bibliotecas\u201d, para seguir garantizando el derecho a leer, la libertad de pensamiento y el acceso a la cultura. <span style=\"color: #008000;\"><strong>Enlace:<\/strong><\/span>\u00a0<strong><a href=\"https:\/\/www.youtube.com\/watch?v=IPO_5ixqR_4\">https:\/\/www.youtube.com\/watch?v=IPO_5ixqR_4<\/a><\/strong><\/p>\n<p style=\"text-align: center;\"><iframe loading=\"lazy\" title=\"YouTube video player\" src=\"https:\/\/www.youtube.com\/embed\/IPO_5ixqR_4\" width=\"560\" height=\"315\" frameborder=\"0\" allowfullscreen=\"allowfullscreen\"><\/iframe><\/p>\n<p><span style=\"color: #008000;\"><strong>Congresos: <\/strong><\/span>V Congreso Provincial de Bibliotecolog\u00eda \u201cSer y hacer bibliotecas en tiempos de pandemia\u201d Juventud y m\u00fasica. Disertantes: Centro de estudiantes de la Escuela Mantovani. Asociaci\u00f3n Bibliotecarios de C\u00f3rdoba, Biblioteca Provincial de Maestros y Red de Bibliotecas Pedag\u00f3gicas. 27\/10\/2020. En el contexto de la pandemia que estamos viviendo, resulta importante centrar nuestra mirada en las bibliotecas y revalorizarlas como instituciones de intercambio, de producci\u00f3n de saberes y fundamentalmente como espacios privilegiados para el fortalecimiento de los lazos sociales. Es el momento de afianzar v\u00ednculos y renovar compromisos con nuestros lectores, de aprender juntos e imaginar otras realidades posibles de \u201cser y hacer bibliotecas\u201d, para seguir garantizando el derecho a leer, la libertad de pensamiento y el acceso a la cultura. <span style=\"color: #008000;\"><strong>Enlace<\/strong>:<\/span>\u00a0<strong><a href=\"https:\/\/www.youtube.com\/watch?v=NDp-5NTniqw\">https:\/\/www.youtube.com\/watch?v=NDp-5NTniqw<\/a><\/strong><\/p>\n<p style=\"text-align: center;\"><iframe loading=\"lazy\" title=\"YouTube video player\" src=\"https:\/\/www.youtube.com\/embed\/NDp-5NTniqw\" width=\"560\" height=\"315\" frameborder=\"0\" allowfullscreen=\"allowfullscreen\"><\/iframe><\/p>\n<p><span style=\"color: #008000;\"><strong>Congresos:<\/strong><\/span> V Congreso Provincial de Bibliotecolog\u00eda \u201cSer y hacer bibliotecas en tiempos de pandemia\u201d T\u00edtulo de la Disertaci\u00f3n: Hacia un Sistema Nacional de Informaci\u00f3n Educativa (Bibliotecas Escolares, Pedag\u00f3gicas, Centros de Documentaci\u00f3n, Archivos y Museos Escolares). Asociaci\u00f3n Bibliotecarios de C\u00f3rdoba, Biblioteca Provincial de Maestros y Red de Bibliotecas Pedag\u00f3gicas. 27\/10\/2020. En el contexto de la pandemia que estamos viviendo, resulta importante centrar nuestra mirada en las bibliotecas y revalorizarlas como instituciones de intercambio, de producci\u00f3n de saberes y fundamentalmente como espacios privilegiados para el fortalecimiento de los lazos sociales. Es el momento de afianzar v\u00ednculos y renovar compromisos con nuestros lectores, de aprender juntos e imaginar otras realidades posibles de \u201cser y hacer bibliotecas\u201d, para seguir garantizando el derecho a leer, la libertad de pensamiento y el acceso a la cultura. <span style=\"color: #008000;\"><strong>Enlace:<\/strong>\u00a0<\/span><strong><a href=\"https:\/\/www.youtube.com\/watch?v=lS8LSjabaTQ\">https:\/\/www.youtube.com\/watch?v=lS8LSjabaTQ<\/a><\/strong><\/p>\n<p style=\"text-align: center;\"><iframe loading=\"lazy\" title=\"YouTube video player\" src=\"https:\/\/www.youtube.com\/embed\/lS8LSjabaTQ\" width=\"560\" height=\"315\" frameborder=\"0\" allowfullscreen=\"allowfullscreen\"><\/iframe><\/p>\n<p><span style=\"color: #008000;\"><strong>Congresos: <\/strong><\/span>V Congreso Provincial de Bibliotecolog\u00eda \u201cSer y hacer bibliotecas en tiempos de pandemia\u201d Taller Juguemos en las redes mientras el virus no est\u00e1. Abordajes l\u00fadicos para identificar problemas de comunicaci\u00f3n en nuestro mundo actual Disertante: Valeria Sor\u00edn. Asociaci\u00f3n Bibliotecarios de C\u00f3rdoba, Biblioteca Provincial de Maestros y Red de Bibliotecas Pedag\u00f3gicas. 27\/10\/2020. En el contexto de la pandemia que estamos viviendo, resulta importante centrar nuestra mirada en las bibliotecas y revalorizarlas como instituciones de intercambio, de producci\u00f3n de saberes y fundamentalmente como espacios privilegiados para el fortalecimiento de los lazos sociales. Es el momento de afianzar v\u00ednculos y renovar compromisos con nuestros lectores, de aprender juntos e imaginar otras realidades posibles de \u201cser y hacer bibliotecas\u201d, para seguir garantizando el derecho a leer, la libertad de pensamiento y el acceso a la cultura. <strong><span style=\"color: #008000;\">Enlace:<\/span>\u00a0<a href=\"https:\/\/www.youtube.com\/watch?v=jfzcFACQORA\">https:\/\/www.youtube.com\/watch?v=jfzcFACQORA<\/a><\/strong><\/p>\n<p style=\"text-align: center;\"><iframe loading=\"lazy\" title=\"YouTube video player\" src=\"https:\/\/www.youtube.com\/embed\/jfzcFACQORA\" width=\"560\" height=\"315\" frameborder=\"0\" allowfullscreen=\"allowfullscreen\"><\/iframe><\/p>\n<p><span style=\"color: #008000;\"><strong>Congresos:<\/strong><\/span> V Congreso Provincial de Bibliotecolog\u00eda \u201cSer y hacer bibliotecas en tiempos de pandemia\u201d De lecturas, libros y bibliotecas escolares en el 2020. Disertante: Stella maris Adrover. Asociaci\u00f3n Bibliotecarios de C\u00f3rdoba, Biblioteca Provincial de Maestros y Red de Bibliotecas Pedag\u00f3gicas. 27\/10\/2020. En el contexto de la pandemia que estamos viviendo, resulta importante centrar nuestra mirada en las bibliotecas y revalorizarlas como instituciones de intercambio, de producci\u00f3n de saberes y fundamentalmente como espacios privilegiados para el fortalecimiento de los lazos sociales. Es el momento de afianzar v\u00ednculos y renovar compromisos con nuestros lectores, de aprender juntos e imaginar otras realidades posibles de \u201cser y hacer bibliotecas\u201d, para seguir garantizando el derecho a leer, la libertad de pensamiento y el acceso a la cultura. <span style=\"color: #008000;\"><strong>Enlace:<\/strong>\u00a0<\/span><strong><a href=\"https:\/\/www.youtube.com\/watch?v=1YcjeuwUfWk\">https:\/\/www.youtube.com\/watch?v=1YcjeuwUfWk<\/a><\/strong><\/p>\n<p style=\"text-align: center;\"><iframe loading=\"lazy\" title=\"YouTube video player\" src=\"https:\/\/www.youtube.com\/embed\/1YcjeuwUfWk\" width=\"560\" height=\"315\" frameborder=\"0\" allowfullscreen=\"allowfullscreen\"><\/iframe><\/p>\n<p><span style=\"color: #008000;\"><strong>Congresos:<\/strong> <\/span>V Congreso Provincial de Bibliotecolog\u00eda \u201cSer y hacer bibliotecas en tiempos de pandemia\u201d Las bibliotecas como puertas a otras culturas. Asociaci\u00f3n Bibliotecarios de C\u00f3rdoba, Biblioteca Provincial de Maestros y Red de Bibliotecas Pedag\u00f3gicas. 27\/10\/2020. En el contexto de la pandemia que estamos viviendo, resulta importante centrar nuestra mirada en las bibliotecas y revalorizarlas como instituciones de intercambio, de producci\u00f3n de saberes y fundamentalmente como espacios privilegiados para el fortalecimiento de los lazos sociales. Es el momento de afianzar v\u00ednculos y renovar compromisos con nuestros lectores, de aprender juntos e imaginar otras realidades posibles de \u201cser y hacer bibliotecas\u201d, para seguir garantizando el derecho a leer, la libertad de pensamiento y el acceso a la cultura.<span style=\"color: #008000;\"><strong> Enlace:<\/strong><\/span>\u00a0<strong><a href=\"https:\/\/www.youtube.com\/watch?v=axdDjc5Ho20\">https:\/\/www.youtube.com\/watch?v=axdDjc5Ho20<\/a><\/strong><\/p>\n<p style=\"text-align: center;\"><iframe loading=\"lazy\" title=\"YouTube video player\" src=\"https:\/\/www.youtube.com\/embed\/axdDjc5Ho20\" width=\"560\" height=\"315\" frameborder=\"0\" allowfullscreen=\"allowfullscreen\"><\/iframe><\/p>\n<p><strong><span style=\"color: #339966;\">\u00a0<\/span><\/strong><span style=\"color: #008000;\"><strong>Congresos:<\/strong> <\/span>V Congreso Provincial de Bibliotecolog\u00eda \u201cSer y hacer bibliotecas en tiempos de pandemia\u201d Las bibliotecas como puertas a otras culturas. Asociaci\u00f3n Bibliotecarios de C\u00f3rdoba, Biblioteca Provincial de Maestros y Red de Bibliotecas Pedag\u00f3gicas. 27\/10\/2020. Cierre V. Congreso Provincial de Bibliotecolog\u00eda. <strong><span style=\"color: #339966;\"><span style=\"color: #008000;\">Enlace:<\/span>\u00a0<a href=\"https:\/\/www.youtube.com\/watch?v=fJRhtwhxj8c\">https:\/\/www.youtube.com\/watch?v=fJRhtwhxj8c<\/a><\/span><\/strong><\/p>\n<p style=\"text-align: center;\"><iframe loading=\"lazy\" title=\"YouTube video player\" src=\"https:\/\/www.youtube.com\/embed\/fJRhtwhxj8c\" width=\"560\" height=\"315\" frameborder=\"0\" allowfullscreen=\"allowfullscreen\"><\/iframe><\/p>\n<p style=\"text-align: left;\"><strong><span style=\"color: #339966;\">C<span style=\"color: #008000;\">harlas a la Comunidad:<\/span><\/span> <span style=\"color: #008000;\">Charla ciencia abierta y compromiso social<\/span><\/strong>\/ Alejandra Nardi y Lucrecia Garc\u00eda. Asociaci\u00f3n Bibliotecarios de C\u00f3rdoba 21\/10\/2020. Actividad en el marco de la Semana del Acceso Abierto 2020: \u00abAbrir con prop\u00f3sito. Emprender acciones para construir equidad y inclusi\u00f3n estructurales\u00bb. <span style=\"color: #008000;\"><strong>Enlace:<\/strong><\/span>\u00a0<strong><a href=\"https:\/\/www.youtube.com\/watch?v=a3vHdnnM1Rk\">https:\/\/www.youtube.com\/watch?v=a3vHdnnM1Rk<\/a><\/strong><\/p>\n<p style=\"text-align: center;\"><iframe loading=\"lazy\" title=\"YouTube video player\" src=\"https:\/\/www.youtube.com\/embed\/a3vHdnnM1Rk\" width=\"560\" height=\"315\" frameborder=\"0\" allowfullscreen=\"allowfullscreen\"><\/iframe><\/p>\n<p><strong><span style=\"color: #008000;\">Charlas a la Comunidad: <\/span><\/strong>C\u00e1ncer de mama. La pandemia y sus consecuencias en el diagn\u00f3stico y tratamiento. Asociaci\u00f3n Bibliotecarios de C\u00f3rdoba 09\/10\/2020.La presente Charla se da en el marco del mes de la prevenci\u00f3n del c\u00e1ncer de mama. Estamos atravesando una de las peores pandemia que el mundo haya vivido y el objetivo es incentivar a todas las mujeres que sigan haci\u00e9ndose los controles para poder diagnosticar el c\u00e1ncer de mama en estadios tempranos y tambi\u00e9n dar informaci\u00f3n sobre las posibles complicaciones qu\u00e9 puede ocasionar en la mujer la demora en el diagn\u00f3stico y en el tratamiento. Es importante desde el \u00e1mbito de la biblioteca incentivar a todas las mujeres a realizar los controles con el cuidado necesario para No contagiarse del coronavirus. <span style=\"color: #008000;\"><strong>Enlace:<\/strong>\u00a0<\/span><strong><a href=\"https:\/\/www.youtube.com\/watch?v=WVeDmu8ktXA\">https:\/\/www.youtube.com\/watch?v=WVeDmu8ktXA<\/a><\/strong><\/p>\n<p style=\"text-align: center;\"><iframe loading=\"lazy\" title=\"YouTube video player\" src=\"https:\/\/www.youtube.com\/embed\/WVeDmu8ktXA\" width=\"560\" height=\"315\" frameborder=\"0\" allowfullscreen=\"allowfullscreen\"><\/iframe><\/p>\n<p><span style=\"color: #008000;\"><strong>Charlas a la comunidad:<\/strong> <\/span>Ciclo Escritores, Letras, Lecturas, Bibliotecas. T\u00edtulo de la actividad: Marat\u00f3n Nacional de la Lectura \/ Emisi\u00f3n de videos de cuentos le\u00eddos por socios de la ABC. Asociaci\u00f3n Bibliotecarios de C\u00f3rdoba 25\/09\/2020. Actividad en el marco de la 18\u00b0. Marat\u00f3n Nacional de Lectura cuyo lema para el a\u00f1o 2020 es \u201cLectores que buscan lectores\u201d. La Marat\u00f3n Nacional de Lectura es una celebraci\u00f3n que invita a todas las instituciones educativas a que se sumen un mismo d\u00eda a una jornada de lectura. Este a\u00f1o la 18a. Marat\u00f3n Nacional de Lectura se llevar\u00e1 adelante de una manera especial: estaremos conectados por la lectura. <span style=\"color: #008000;\"><strong>Enlace:<\/strong>\u00a0<\/span><strong><a href=\"https:\/\/www.youtube.com\/watch?v=mRzGaYzs0pw\">https:\/\/www.youtube.com\/watch?v=mRzGaYzs0pw<\/a><\/strong><\/p>\n<p style=\"text-align: center;\"><iframe loading=\"lazy\" title=\"YouTube video player\" src=\"https:\/\/www.youtube.com\/embed\/mRzGaYzs0pw\" width=\"560\" height=\"315\" frameborder=\"0\" allowfullscreen=\"allowfullscreen\"><\/iframe><\/p>\n<p><span style=\"color: #008000;\"><strong>Charlas a la Comunidad:<\/strong><\/span> Ciclo Escritores, Letras, Lecturas, Bibliotecas. T\u00edtulo de la actividad: \u00abLectura narraci\u00f3n social\u00bb \/ Mar\u00eda Heguiz, Julio Fabi\u00e1n Meli\u00e1n. Asociaci\u00f3n Bibliotecarios de C\u00f3rdoba. 25\/09\/2020. Actividad en el marco de la 18\u00b0. Marat\u00f3n Nacional de Lectura cuyo lema para el a\u00f1o 2020 es \u201cLectores que buscan lectores\u201d. La Marat\u00f3n Nacional de Lectura es una celebraci\u00f3n que invita a todas las instituciones educativas a que se sumen un mismo d\u00eda a una jornada de lectura. Este a\u00f1o la 18a. Marat\u00f3n Nacional de Lectura se llevar\u00e1 adelante de una manera especial: estaremos conectados por la lectura. <strong><span style=\"color: #008000;\">Enlace:<\/span>\u00a0<a href=\"https:\/\/www.youtube.com\/watch?v=qZ34Kp5Y2Fk\">https:\/\/www.youtube.com\/watch?v=qZ34Kp5Y2Fk<\/a><\/strong><\/p>\n<p style=\"text-align: center;\"><iframe loading=\"lazy\" title=\"YouTube video player\" src=\"https:\/\/www.youtube.com\/embed\/qZ34Kp5Y2Fk\" width=\"560\" height=\"315\" frameborder=\"0\" allowfullscreen=\"allowfullscreen\"><\/iframe><\/p>\n<p><span style=\"color: #008000;\"><strong>Charlas a la Comunidad:<\/strong><\/span> Ciclo Escritores, Letras, Lecturas, Bibliotecas. Dialogando com Bibliotecas Populares y Escolares. T\u00edtulo de la actividad: Dialogando con Bibliotecas Populares y Escolares \/ Biblioteca Popular Nelly Llorens, Biblioteca Escolar Don Orione, Biblioteca Popular Colonia Caroya. Asociaci\u00f3n Bibliotecarios de C\u00f3rdoba. 24\/09\/2020. Actividad en el marco de la 18\u00b0. Marat\u00f3n Nacional de Lectura cuyo lema para el a\u00f1o 2020 es \u201cLectores que buscan lectores\u201d. La Marat\u00f3n Nacional de Lectura es una celebraci\u00f3n que invita a todas las instituciones educativas a que se sumen un mismo d\u00eda a una jornada de lectura. Este a\u00f1o la 18a. Marat\u00f3n Nacional de Lectura se llevar\u00e1 adelante de una manera especial: estaremos conectados por la lectura. <span style=\"color: #008000;\"><strong>Enlace:<\/strong><\/span> <strong><a href=\"https:\/\/www.youtube.com\/watch?v=DpVfZC9TMog\">https:\/\/www.youtube.com\/watch?v=DpVfZC9TMog<\/a><\/strong><\/p>\n<p style=\"text-align: center;\"><iframe loading=\"lazy\" title=\"YouTube video player\" src=\"https:\/\/www.youtube.com\/embed\/DpVfZC9TMog\" width=\"560\" height=\"315\" frameborder=\"0\" allowfullscreen=\"allowfullscreen\"><\/iframe><\/p>\n<p><span style=\"color: #008000;\"><strong>Charlas a la Comunidad: <\/strong><\/span>Ciclo Escritores, Letras, Lecturas, Bibliotecas. Cuentos, Lectores y Escritores. Obra de Teatro \u201cLos cuentos cobran vida\u201d\/Grupo de Susurradores. Prof. de Lengua. IES Sim\u00f3n Bol\u00edvar. Asociaci\u00f3n Bibliotecarios de C\u00f3rdoba 23\/09\/2020. Actividad en el marco de la 18\u00b0. Marat\u00f3n Nacional de Lectura cuyo lema para el a\u00f1o 2020 es \u201cLectores que buscan lectores\u201d. La Marat\u00f3n Nacional de Lectura es una celebraci\u00f3n que invita a todas las instituciones educativas a que se sumen un mismo d\u00eda a una jornada de lectura. Este a\u00f1o la 18a. Marat\u00f3n Nacional de Lectura se llevar\u00e1 adelante de una manera especial: estaremos conectados por la lectura. <span style=\"color: #008000;\"><strong>Enlace:<\/strong>\u00a0<\/span><strong><a href=\"https:\/\/www.youtube.com\/watch?v=QQ6a2I9Y_UM\">https:\/\/www.youtube.com\/watch?v=QQ6a2I9Y_UM<\/a><\/strong><\/p>\n<p style=\"text-align: center;\"><iframe loading=\"lazy\" title=\"YouTube video player\" src=\"https:\/\/www.youtube.com\/embed\/QQ6a2I9Y_UM\" width=\"560\" height=\"315\" frameborder=\"0\" allowfullscreen=\"allowfullscreen\"><\/iframe><\/p>\n<p><span style=\"color: #008000;\"><strong>Charlas a la Comunidad: <\/strong><\/span>Ciclo Escritores, Letras, Lecturas, Bibliotecas. T\u00edtulo de la disertaci\u00f3n: Descubriendo la literatura lusofona \/ Dr. Miguel Koleff, Prof. Graciela Ferrari, Bibl. Silvia Nataloni. Asociaci\u00f3n Bibliotecarios de C\u00f3rdoba. 22\/09\/2020. Actividad en el marco de la 18\u00b0. Marat\u00f3n Nacional de Lectura cuyo lema para el a\u00f1o 2020 es \u201cLectores que buscan lectores\u201d. La Marat\u00f3n Nacional de Lectura es una celebraci\u00f3n que invita a todas las instituciones educativas a que se sumen un mismo d\u00eda a una jornada de lectura. Este a\u00f1o la 18a. Marat\u00f3n Nacional de Lectura se llevar\u00e1 adelante de una manera especial: estaremos conectados por la lectura. <strong><span style=\"color: #339966;\"><span style=\"color: #008000;\">Enlace:<\/span>\u00a0<a href=\"https:\/\/www.youtube.com\/watch?v=xMt8-1gBiGc\">https:\/\/www.youtube.com\/watch?v=xMt8-1gBiGc<\/a><\/span><\/strong><\/p>\n<p style=\"text-align: center;\"><iframe loading=\"lazy\" title=\"YouTube video player\" src=\"https:\/\/www.youtube.com\/embed\/xMt8-1gBiGc\" width=\"560\" height=\"315\" frameborder=\"0\" allowfullscreen=\"allowfullscreen\"><\/iframe><\/p>\n<p><span style=\"color: #008000;\"><strong>Charlas a la Comunidad:<\/strong> <\/span>13 de Septiembre D\u00eda del Bibliotecario Mabel Silva. Presidenta y Bibliotecaria de la Biblioteca Popular Jos\u00e9 M\u00e1rmol-Valle Hermoso- C\u00f3rdoba Argentina. Asociaci\u00f3n Bibliotecarios de C\u00f3rdoba. 13\/09\/2020. La Asociaci\u00f3n Bibliotecarios de C\u00f3rdoba en el D\u00eda del Bibliotecario, 13 de Septiembre, quiere homenajear a sus colegas argentinos con la emisi\u00f3n de entrevistas a referentes bibliotecarios de la Provincia de C\u00f3rdoba &#8211; Argentina. <strong><span style=\"color: #008000;\">Enlace:<\/span>\u00a0<a href=\"https:\/\/www.youtube.com\/watch?v=c8WTFTxyl6o\">https:\/\/www.youtube.com\/watch?v=c8WTFTxyl6o<\/a><\/strong><\/p>\n<p style=\"text-align: center;\"><iframe loading=\"lazy\" title=\"YouTube video player\" src=\"https:\/\/www.youtube.com\/embed\/c8WTFTxyl6o\" width=\"560\" height=\"315\" frameborder=\"0\" allowfullscreen=\"allowfullscreen\"><\/iframe><\/p>\n<p><span style=\"color: #008000;\"><strong>Charlas a la Comunidad: <\/strong><\/span>13 de Septiembre D\u00eda del Bibliotecario. Tamara Cort\u00e9s. Vice-directora Biblioteca Prof. Dr. Agust\u00edn Enrique Larrauri de la Facultad de Odontolog\u00eda de la Universidad Nacional de C\u00f3rdoba. C\u00f3rdoba\u2013 Argentina. Asociaci\u00f3n Bibliotecarios de C\u00f3rdoba. 13\/09\/2020 La Asociaci\u00f3n Bibliotecarios de C\u00f3rdoba en el D\u00eda del Bibliotecario, 13 de Septiembre, quiere homenajear a sus colegas argentinos con la emisi\u00f3n de entrevistas a referentes bibliotecarios de la Provincia de C\u00f3rdoba \u2013 Argentina. <span style=\"color: #339966;\"><strong><span style=\"color: #008000;\">Enlace:\u00a0<\/span>\u00a0<a href=\"https:\/\/www.youtube.com\/watch?v=b1dFUwTD-s8\">https:\/\/www.youtube.com\/watch?v=b1dFUwTD-s8<\/a><\/strong><\/span><\/p>\n<p style=\"text-align: center;\"><iframe loading=\"lazy\" title=\"YouTube video player\" src=\"https:\/\/www.youtube.com\/embed\/b1dFUwTD-s8\" width=\"560\" height=\"315\" frameborder=\"0\" allowfullscreen=\"allowfullscreen\"><\/iframe><\/p>\n<p><span style=\"color: #008000;\"><strong>Charlas a la Comunidad:<\/strong><\/span> 13 de Septiembre D\u00eda del Bibliotecario. F\u00e1tima Serione. Coordinadora de la Biblioteca Provincial de Maestros. Ministerio de Educaci\u00f3n de la Provincia de C\u00f3rdoba. C\u00f3rdoba \u2013 Argentina. Asociaci\u00f3n Bibliotecarios de C\u00f3rdoba 13\/09\/2020. La Asociaci\u00f3n Bibliotecarios de C\u00f3rdoba en el D\u00eda del Bibliotecario, 13 de Septiembre, quiere homenajear a sus colegas argentinos con la emisi\u00f3n de entrevistas a referentes bibliotecarios de la Provincia de C\u00f3rdoba \u2013 Argentina. <strong><span style=\"color: #008000;\">Enlace:<\/span>\u00a0<a href=\"https:\/\/www.youtube.com\/watch?v=arDfX0gAqxo\">https:\/\/www.youtube.com\/watch?v=arDfX0gAqxo<\/a><\/strong><\/p>\n<p style=\"text-align: center;\"><iframe loading=\"lazy\" title=\"YouTube video player\" src=\"https:\/\/www.youtube.com\/embed\/arDfX0gAqxo\" width=\"560\" height=\"315\" frameborder=\"0\" allowfullscreen=\"allowfullscreen\"><\/iframe><\/p>\n<p><span style=\"color: #008000;\"><strong>Jornadas: <\/strong><\/span>13\u00b0 Encuentro de Bibliotecarios de la Provincia de C\u00f3rdoba. Modalidad Virtual. \u201cPensar la pr\u00e1ctica bibliotecol\u00f3gica desde la dimensi\u00f3n pol\u00edtica, social y cultural\u201d Palabras de Bienvenida ABC y Biblioteca Mariano Moreno. T\u00edtulo de la Disertaci\u00f3n: Biblioteca Municipal y Popular Mariano Moreno Anabella Gill y Rafael Sachetto. Asociaci\u00f3n Bibliotecarios de C\u00f3rdoba. 11\/09\/2020. El Encuentro de Bibliotecarios de la Provincia de C\u00f3rdoba del a\u00f1o 2020, pretende consolidar un espacio creado para el intercambio y debate entre especialistas y profesionales en bibliotecolog\u00eda. En \u00e9l se analizan problem\u00e1ticas asociadas a la intervenci\u00f3n profesional, las experiencias y buenas pr\u00e1cticas, buscando de esta manera impulsar esta \u00e1rea disciplinar no solo en la construcci\u00f3n de nuevos conocimientos para hacer frente a los desaf\u00edos actuales, sino para dar cuenta de la relevancia de la profesi\u00f3n en otros espacios y la vigencia de la misma. <span style=\"color: #008000;\"><strong>Enlace:<\/strong><\/span>\u00a0<strong><a href=\"https:\/\/www.youtube.com\/watch?v=dEK4E47eYHw\">https:\/\/www.youtube.com\/watch?v=dEK4E47eYHw<\/a><\/strong><\/p>\n<p style=\"text-align: center;\"><iframe loading=\"lazy\" title=\"YouTube video player\" src=\"https:\/\/www.youtube.com\/embed\/dEK4E47eYHw\" width=\"560\" height=\"315\" frameborder=\"0\" allowfullscreen=\"allowfullscreen\"><\/iframe><\/p>\n<p><span style=\"color: #008000;\"><strong>Jornadas: <\/strong><\/span>13\u00b0 Encuentro de Bibliotecarios de la Provincia de C\u00f3rdoba. Modalidad Virtual. \u201cPensar la pr\u00e1ctica bibliotecol\u00f3gica desde la dimensi\u00f3n pol\u00edtica, social y cultural\u201d T\u00edtulo de la Disertaci\u00f3n: Biblioteca Nacional del Maestro \/ Fernando Ariel L\u00f3pez. Asociaci\u00f3n Bibliotecarios de C\u00f3rdoba. 11\/09\/2020. El Encuentro de Bibliotecarios de la Provincia de C\u00f3rdoba del a\u00f1o 2020, pretende consolidar un espacio creado para el intercambio y debate entre especialistas y profesionales en bibliotecolog\u00eda. En \u00e9l se analizan problem\u00e1ticas asociadas a la intervenci\u00f3n profesional, las experiencias y buenas pr\u00e1cticas, buscando de esta manera impulsar esta \u00e1rea disciplinar no solo en la construcci\u00f3n de nuevos conocimientos para hacer frente a los desaf\u00edos actuales, sino para dar cuenta de la relevancia de la profesi\u00f3n en otros espacios y la vigencia de la misma. <span style=\"color: #008000;\"><strong>Enlace:<\/strong>\u00a0<strong><a href=\"https:\/\/www.youtube.com\/watch?v=WcmpV5CHPIU\">https:\/\/www.youtube.com\/watch?v=WcmpV5CHPIU<\/a><\/strong><\/span><\/p>\n<p style=\"text-align: center;\"><iframe loading=\"lazy\" title=\"YouTube video player\" src=\"https:\/\/www.youtube.com\/embed\/WcmpV5CHPIU\" width=\"560\" height=\"315\" frameborder=\"0\" allowfullscreen=\"allowfullscreen\"><\/iframe><\/p>\n<p><span style=\"color: #008000;\"><strong>Jornadas: <\/strong><\/span>13\u00b0 Encuentro de Bibliotecarios de la Provincia de C\u00f3rdoba. Modalidad Virtual.\u201cPensar la pr\u00e1ctica bibliotecol\u00f3gica desde la dimensi\u00f3n pol\u00edtica, social y cultural\u201d T\u00edtulo de la disertaci\u00f3n: \u00abBolet\u00edn de la SAI: noticias a la medida de cada bibliotecario\u00bb \/ Ra\u00fal Escandar. Asociaci\u00f3n Bibliotecarios de C\u00f3rdoba. 11\/09\/2020. El Encuentro de Bibliotecarios de la Provincia de C\u00f3rdoba del a\u00f1o 2020, pretende consolidar un espacio creado para el intercambio y debate entre especialistas y profesionales en bibliotecolog\u00eda. En \u00e9l se analizan problem\u00e1ticas asociadas a la intervenci\u00f3n profesional, las experiencias y buenas pr\u00e1cticas, buscando de esta manera impulsar esta \u00e1rea disciplinar no solo en la construcci\u00f3n de nuevos conocimientos para hacer frente a los desaf\u00edos actuales, sino para dar cuenta de la relevancia de la profesi\u00f3n en otros espacios y la vigencia de la misma. <span style=\"color: #008000;\"><strong>Enlace:<\/strong><\/span>\u00a0<strong><a href=\"https:\/\/www.youtube.com\/watch?v=f_wP67jYn-A\">https:\/\/www.youtube.com\/watch?v=f_wP67jYn-A<\/a><\/strong><\/p>\n<p style=\"text-align: center;\"><iframe loading=\"lazy\" title=\"YouTube video player\" src=\"https:\/\/www.youtube.com\/embed\/f_wP67jYn-A\" width=\"560\" height=\"315\" frameborder=\"0\" allowfullscreen=\"allowfullscreen\"><\/iframe><\/p>\n<p><span style=\"color: #008000;\"><strong>Jornadas:<\/strong> <\/span>13\u00b0 Encuentro de Bibliotecarios de la Provincia de C\u00f3rdoba. Modalidad Virtual. \u201cPensar la pr\u00e1ctica bibliotecol\u00f3gica desde la dimensi\u00f3n pol\u00edtica, social y cultural\u201d T\u00edtulo de la disertaci\u00f3n: La comunicaci\u00f3n, una gran aliada de las bibliotecas\u00bb \/ Rodrigo Lastreto. Asociaci\u00f3n Bibliotecarios de C\u00f3rdoba 11\/09\/2020. El Encuentro de Bibliotecarios de la Provincia de C\u00f3rdoba del a\u00f1o 2020, pretende consolidar un espacio creado para el intercambio y debate entre especialistas y profesionales en bibliotecolog\u00eda. En \u00e9l se analizan problem\u00e1ticas asociadas a la intervenci\u00f3n profesional, las experiencias y buenas pr\u00e1cticas, buscando de esta manera impulsar esta \u00e1rea disciplinar no solo en la construcci\u00f3n de nuevos conocimientos para hacer frente a los desaf\u00edos actuales, sino para dar cuenta de la relevancia de la profesi\u00f3n en otros espacios y la vigencia de la misma. <span style=\"color: #008000;\"><strong>Enlace:<\/strong>\u00a0<\/span><strong><a href=\"https:\/\/www.youtube.com\/watch?v=hmasNdGXAaE\">https:\/\/www.youtube.com\/watch?v=hmasNdGXAaE<\/a><\/strong><\/p>\n<p style=\"text-align: center;\"><iframe loading=\"lazy\" title=\"YouTube video player\" src=\"https:\/\/www.youtube.com\/embed\/hmasNdGXAaE\" width=\"560\" height=\"315\" frameborder=\"0\" allowfullscreen=\"allowfullscreen\"><\/iframe><\/p>\n<p><span style=\"color: #008000;\"><strong>Jornadas: <\/strong><\/span>13\u00b0 Encuentro de Bibliotecarios de la Provincia de C\u00f3rdoba. Modalidad Virtual. \u201cPensar la pr\u00e1ctica bibliotecol\u00f3gica desde la dimensi\u00f3n pol\u00edtica, social y cultural\u201d T\u00edtulo de la Disertaci\u00f3n: IFLA-LAC: la nueva gobernanza y la estrategia de la IFLA \/ Silvia Lacorazza, Ang\u00e9lica Fuentes (Chile). Asociaci\u00f3n Bibliotecarios de C\u00f3rdoba. 11\/09\/2020. El Encuentro de Bibliotecarios de la Provincia de C\u00f3rdoba del a\u00f1o 2020, pretende consolidar un espacio creado para el intercambio y debate entre especialistas y profesionales en bibliotecolog\u00eda. En \u00e9l se analizan problem\u00e1ticas asociadas a la intervenci\u00f3n profesional, las experiencias y buenas pr\u00e1cticas, buscando de esta manera impulsar esta \u00e1rea disciplinar no solo en la construcci\u00f3n de nuevos conocimientos para hacer frente a los desaf\u00edos actuales, sino para dar cuenta de la relevancia de la profesi\u00f3n en otros espacios y la vigencia de la misma. <span style=\"color: #008000;\"><strong>Enlace:<\/strong><\/span><span style=\"color: #339966;\">\u00a0<\/span><strong><a href=\"https:\/\/www.youtube.com\/watch?v=5i6lG7EMVdY\">https:\/\/www.youtube.com\/watch?v=5i6lG7EMVdY<\/a><\/strong><strong>\u00a0<\/strong><\/p>\n<p style=\"text-align: center;\"><iframe loading=\"lazy\" title=\"YouTube video player\" src=\"https:\/\/www.youtube.com\/embed\/5i6lG7EMVdY\" width=\"560\" height=\"315\" frameborder=\"0\" allowfullscreen=\"allowfullscreen\"><\/iframe><\/p>\n<p><span style=\"color: #008000;\"><strong>Jornadas:<\/strong> <\/span>13\u00b0 Encuentro de Bibliotecarios de la Provincia de C\u00f3rdoba. Modalidad Virtual. \u201cPensar la pr\u00e1ctica bibliotecol\u00f3gica desde la dimensi\u00f3n pol\u00edtica, social y cultural\u201d T\u00edtulo de la disertaci\u00f3n: Plataformas de informaci\u00f3n en las organizaciones sindicales \/ Patricia Bustos. Asociaci\u00f3n Bibliotecarios de C\u00f3rdoba. 11\/09\/2020. El Encuentro de Bibliotecarios de la Provincia de C\u00f3rdoba del a\u00f1o 2020, pretende consolidar un espacio creado para el intercambio y debate entre especialistas y profesionales en bibliotecolog\u00eda. En \u00e9l se analizan problem\u00e1ticas asociadas a la intervenci\u00f3n profesional, las experiencias y buenas pr\u00e1cticas, buscando de esta manera impulsar esta \u00e1rea disciplinar no solo en la construcci\u00f3n de nuevos conocimientos para hacer frente a los desaf\u00edos actuales, sino para dar cuenta de la relevancia de la profesi\u00f3n en otros espacios y la vigencia de la misma. <span style=\"color: #008000;\"><strong>Enlace:<\/strong>\u00a0<\/span><strong><a href=\"https:\/\/www.youtube.com\/watch?v=68ZKFG_nMQY\">https:\/\/www.youtube.com\/watch?v=68ZKFG_nMQY<\/a><\/strong><\/p>\n<p style=\"text-align: center;\"><iframe loading=\"lazy\" title=\"YouTube video player\" src=\"https:\/\/www.youtube.com\/embed\/68ZKFG_nMQY\" width=\"560\" height=\"315\" frameborder=\"0\" allowfullscreen=\"allowfullscreen\"><\/iframe><\/p>\n<p><span style=\"color: #008000;\"><strong>Jornadas: <\/strong><\/span>13\u00b0 Encuentro de Bibliotecarios de la Provincia de C\u00f3rdoba. Modalidad Virtual. \u201cPensar la pr\u00e1ctica bibliotecol\u00f3gica desde la dimensi\u00f3n pol\u00edtica, social y cultural\u201d T\u00edtulo de la Disertaci\u00f3n: Archivo Jud\u00edo: memorias compartidas \/ Judith Riquelme R\u00edos. Asociaci\u00f3n Bibliotecarios de C\u00f3rdoba. 11\/09\/2020. El Encuentro de Bibliotecarios de la Provincia de C\u00f3rdoba del a\u00f1o 2020, pretende consolidar un espacio creado para el intercambio y debate entre especialistas y profesionales en bibliotecolog\u00eda. En \u00e9l se analizan problem\u00e1ticas asociadas a la intervenci\u00f3n profesional, las experiencias y buenas pr\u00e1cticas, buscando de esta manera impulsar esta \u00e1rea disciplinar no solo en la construcci\u00f3n de nuevos conocimientos para hacer frente a los desaf\u00edos actuales, sino para dar cuenta de la relevancia de la profesi\u00f3n en otros espacios y la vigencia de la misma. <strong><span style=\"color: #008000;\">Enlace:<\/span>\u00a0<a href=\"https:\/\/www.youtube.com\/watch?v=J5RoKTxenFc\">https:\/\/www.youtube.com\/watch?v=J5RoKTxenFc<\/a><\/strong><\/p>\n<p style=\"text-align: center;\"><iframe loading=\"lazy\" title=\"YouTube video player\" src=\"https:\/\/www.youtube.com\/embed\/J5RoKTxenFc\" width=\"560\" height=\"315\" frameborder=\"0\" allowfullscreen=\"allowfullscreen\"><\/iframe><\/p>\n<p><span style=\"color: #008000;\"><strong>Jornadas:<\/strong><\/span> 13\u00b0 Encuentro de Bibliotecarios de la Provincia de C\u00f3rdoba. Modalidad Virtual. \u201cPensar la pr\u00e1ctica bibliotecol\u00f3gica desde la dimensi\u00f3n pol\u00edtica, social y cultural\u201d T\u00edtulo de la Disertaci\u00f3n: Bibliotecas y Agenda 2030: aportes desde el acceso a la informaci\u00f3n y a la cultura \/ Mauro L\u00f3pez Oyanarte. Asociaci\u00f3n Bibliotecarios de C\u00f3rdoba. 11\/09\/2020. El Encuentro de Bibliotecarios de la Provincia de C\u00f3rdoba del a\u00f1o 2020, pretende consolidar un espacio creado para el intercambio y debate entre especialistas y profesionales en bibliotecolog\u00eda. En \u00e9l se analizan problem\u00e1ticas asociadas a la intervenci\u00f3n profesional, las experiencias y buenas pr\u00e1cticas, buscando de esta manera impulsar esta \u00e1rea disciplinar no solo en la construcci\u00f3n de nuevos conocimientos para hacer frente a los desaf\u00edos actuales, sino para dar cuenta de la relevancia de la profesi\u00f3n en otros espacios y la vigencia de la misma. <span style=\"color: #008000;\"><strong>Enlace:<\/strong>\u00a0<\/span><strong><a href=\"https:\/\/www.youtube.com\/watch?v=9qI0gRKTnX4.\">https:\/\/www.youtube.com\/watch?v=9qI0gRKTnX4.<\/a><\/strong><\/p>\n<p style=\"text-align: center;\"><iframe loading=\"lazy\" title=\"YouTube video player\" src=\"https:\/\/www.youtube.com\/embed\/9qI0gRKTnX4\" width=\"560\" height=\"315\" frameborder=\"0\" allowfullscreen=\"allowfullscreen\"><\/iframe><\/p>\n<p><span style=\"color: #008000;\"><strong>Jornadas:<\/strong> <\/span>13\u00b0 Encuentro de Bibliotecarios de la Provincia de C\u00f3rdoba. Modalidad Virtual. \u201cPensar la pr\u00e1ctica bibliotecol\u00f3gica desde la dimensi\u00f3n pol\u00edtica, social y cultural\u201d T\u00edtulo de la Disertaci\u00f3n: Las bibliotecas ante la inmediatez y el trazado de las nuevas realidades \/ Pablo M. Murray. Asociaci\u00f3n Bibliotecarios de C\u00f3rdoba. 11\/09\/2020. El Encuentro de Bibliotecarios de la Provincia de C\u00f3rdoba del a\u00f1o 2020, pretende consolidar un espacio creado para el intercambio y debate entre especialistas y profesionales en bibliotecolog\u00eda. En \u00e9l se analizan problem\u00e1ticas asociadas a la intervenci\u00f3n profesional, las experiencias y buenas pr\u00e1cticas, buscando de esta manera impulsar esta \u00e1rea disciplinar no solo en la construcci\u00f3n de nuevos conocimientos para hacer frente a los desaf\u00edos actuales, sino para dar cuenta de la relevancia de la profesi\u00f3n en otros espacios y la vigencia de la misma. <span style=\"color: #008000;\"><strong>Enlace:<\/strong><\/span>\u00a0<strong><a href=\"https:\/\/www.youtube.com\/watch?v=Do4IKulIU0U\">https:\/\/www.youtube.com\/watch?v=Do4IKulIU0U<\/a><\/strong><\/p>\n<p style=\"text-align: center;\"><iframe loading=\"lazy\" title=\"YouTube video player\" src=\"https:\/\/www.youtube.com\/embed\/Do4IKulIU0U\" width=\"560\" height=\"315\" frameborder=\"0\" allowfullscreen=\"allowfullscreen\"><\/iframe><\/p>\n<p><span style=\"color: #008000;\"><strong>Jornadas: <\/strong><\/span>13\u00b0 Encuentro de Bibliotecarios de la Provincia de C\u00f3rdoba. Modalidad Virtual. \u201cPensar la pr\u00e1ctica bibliotecol\u00f3gica desde la dimensi\u00f3n pol\u00edtica, social y cultural\u201d T\u00edtulo de la Experiencia: Biblioteca Universitaria: readaptaci\u00f3n de servicios en \u00e9pocas de pandemia \/ Tamara Cort\u00e9s, Carlos Facciano, Garc\u00eda Lucrecia. Asociaci\u00f3n Bibliotecarios de C\u00f3rdoba 11\/09\/2020. El Encuentro de Bibliotecarios de la Provincia de C\u00f3rdoba del a\u00f1o 2020, pretende consolidar un espacio creado para el intercambio y debate entre especialistas y profesionales en bibliotecolog\u00eda. En \u00e9l se analizan problem\u00e1ticas asociadas a la intervenci\u00f3n profesional, las experiencias y buenas pr\u00e1cticas, buscando de esta manera impulsar esta \u00e1rea disciplinar no solo en la construcci\u00f3n de nuevos conocimientos para hacer frente a los desaf\u00edos actuales, sino para dar cuenta de la relevancia de la profesi\u00f3n en otros espacios y la vigencia de la misma. <span style=\"color: #008000;\"><strong>Enlace:<\/strong><\/span>\u00a0<strong><a href=\"https:\/\/www.youtube.com\/watch?v=FtcmCclxcC4\">https:\/\/www.youtube.com\/watch?v=FtcmCclxcC4<\/a><\/strong><\/p>\n<p style=\"text-align: center;\"><iframe loading=\"lazy\" title=\"YouTube video player\" src=\"https:\/\/www.youtube.com\/embed\/FtcmCclxcC4\" width=\"560\" height=\"315\" frameborder=\"0\" allowfullscreen=\"allowfullscreen\"><\/iframe><\/p>\n<p><span style=\"color: #008000;\"><strong>Jornadas: <\/strong><\/span>13\u00b0 Encuentro de Bibliotecarios de la Provincia de C\u00f3rdoba. Modalidad Virtual. \u201cPensar la pr\u00e1ctica bibliotecol\u00f3gica desde la dimensi\u00f3n pol\u00edtica, social y cultural\u201d T\u00edtulo de la Experiencia: Adaptaci\u00f3n a la virtualidad, de los servicios ofrecidos desde bibliotecas UNCUYO \/ Horacio Digiorgi, Adri\u00e1n M\u00e9ndez. Asociaci\u00f3n Bibliotecarios de C\u00f3rdoba 11\/09\/2020. El Encuentro de Bibliotecarios de la Provincia de C\u00f3rdoba del a\u00f1o 2020, pretende consolidar un espacio creado para el intercambio y debate entre especialistas y profesionales en bibliotecolog\u00eda. En \u00e9l se analizan problem\u00e1ticas asociadas a la intervenci\u00f3n profesional, las experiencias y buenas pr\u00e1cticas, buscando de esta manera impulsar esta \u00e1rea disciplinar no solo en la construcci\u00f3n de nuevos conocimientos para hacer frente a los desaf\u00edos actuales, sino para dar cuenta de la relevancia de la profesi\u00f3n en otros espacios y la vigencia de la misma. <span style=\"color: #008000;\"><strong>Enlace:<\/strong><\/span>\u00a0<strong><a href=\"https:\/\/www.youtube.com\/watch?v=5i3N4UUvnF8\">https:\/\/www.youtube.com\/watch?v=5i3N4UUvnF8<\/a><\/strong><\/p>\n<p style=\"text-align: center;\"><iframe loading=\"lazy\" title=\"YouTube video player\" src=\"https:\/\/www.youtube.com\/embed\/5i3N4UUvnF8\" width=\"560\" height=\"315\" frameborder=\"0\" allowfullscreen=\"allowfullscreen\"><\/iframe><\/p>\n<p><span style=\"color: #008000;\"><strong>Jornadas: <\/strong><\/span>13\u00b0 Encuentro de Bibliotecarios de la Provincia de C\u00f3rdoba. Modalidad Virtual. \u201cPensar la pr\u00e1ctica bibliotecol\u00f3gica desde la dimensi\u00f3n pol\u00edtica, social y cultural\u201d T\u00edtulo de la Disertaci\u00f3n: La Biblioteca como huerta de ideas para la transformaci\u00f3n social \/ Iv\u00e1n Eduardo Triana Boh\u00f3rquez. Asociaci\u00f3n Bibliotecarios de C\u00f3rdoba 11\/09\/2020. El Encuentro de Bibliotecarios de la Provincia de C\u00f3rdoba del a\u00f1o 2020, pretende consolidar un espacio creado para el intercambio y debate entre especialistas y profesionales en bibliotecolog\u00eda. En \u00e9l se analizan problem\u00e1ticas asociadas a la intervenci\u00f3n profesional, las experiencias y buenas pr\u00e1cticas, buscando de esta manera impulsar esta \u00e1rea disciplinar no solo en la construcci\u00f3n de nuevos conocimientos para hacer frente a los desaf\u00edos actuales, sino para dar cuenta de la relevancia de la profesi\u00f3n en otros espacios y la vigencia de la misma. <strong><span style=\"color: #008000;\">Enlace:<\/span>\u00a0<a href=\"https:\/\/www.youtube.com\/watch?v=_8N9uaiH3Mw\">https:\/\/www.youtube.com\/watch?v=_8N9uaiH3Mw<\/a><\/strong><\/p>\n<p style=\"text-align: center;\"><iframe loading=\"lazy\" title=\"YouTube video player\" src=\"https:\/\/www.youtube.com\/embed\/_8N9uaiH3Mw\" width=\"560\" height=\"315\" frameborder=\"0\" allowfullscreen=\"allowfullscreen\"><\/iframe><\/p>\n<p><span style=\"color: #008000;\"><strong>Jornadas:<\/strong> <\/span>13\u00b0 Encuentro de Bibliotecarios de la Provincia de C\u00f3rdoba Modalidad Virtual. \u201cPensar la pr\u00e1ctica bibliotecol\u00f3gica desde la dimensi\u00f3n pol\u00edtica, social y cultural\u201d T\u00edtulo de la Experiencia: \u00bfTe leo un cuento?\/Vilma Pron. Asociaci\u00f3n Bibliotecarios de C\u00f3rdoba. 12\/09\/2020. El Encuentro de Bibliotecarios de la Provincia de C\u00f3rdoba del a\u00f1o 2020, pretende consolidar un espacio creado para el intercambio y debate entre especialistas y profesionales en bibliotecolog\u00eda. En \u00e9l se analizan problem\u00e1ticas asociadas a la intervenci\u00f3n profesional, las experiencias y buenas pr\u00e1cticas, buscando de esta manera impulsar esta \u00e1rea disciplinar no solo en la construcci\u00f3n de nuevos conocimientos para hacer frente a los desaf\u00edos actuales, sino para dar cuenta de la relevancia de la profesi\u00f3n en otros espacios y la vigencia de la misma. <strong><span style=\"color: #008000;\">Enlace:\u00a0<\/span><a href=\"https:\/\/www.youtube.com\/watch?v=aB_XvRYY6hw\">https:\/\/www.youtube.com\/watch?v=aB_XvRYY6hw<\/a><\/strong><\/p>\n<p style=\"text-align: center;\"><iframe loading=\"lazy\" title=\"YouTube video player\" src=\"https:\/\/www.youtube.com\/embed\/aB_XvRYY6hw\" width=\"560\" height=\"315\" frameborder=\"0\" allowfullscreen=\"allowfullscreen\"><\/iframe><\/p>\n<p><span style=\"color: #008000;\"><strong>Jornadas: <\/strong><\/span>13\u00b0 Encuentro de Bibliotecarios de la Provincia de C\u00f3rdoba Modalidad Virtual.\u201cPensar la pr\u00e1ctica bibliotecol\u00f3gica desde la dimensi\u00f3n pol\u00edtica, social y cultural\u201d T\u00edtulo de la Experiencia: Libros en acorde\u00f3n \/ Patricia del Rosario Fuentes, Gabriela Celina P\u00e9rez, N\u00e9stor Ram\u00f3n Martiarena. Asociaci\u00f3n Bibliotecarios de C\u00f3rdoba. 12\/09\/2020. El Encuentro de Bibliotecarios de la Provincia de C\u00f3rdoba del a\u00f1o 2020, pretende consolidar un espacio creado para el intercambio y debate entre especialistas y profesionales en bibliotecolog\u00eda. En \u00e9l se analizan problem\u00e1ticas asociadas a la intervenci\u00f3n profesional, las experiencias y buenas pr\u00e1cticas, buscando de esta manera impulsar esta \u00e1rea disciplinar no solo en la construcci\u00f3n de nuevos conocimientos para hacer frente a los desaf\u00edos actuales, sino para dar cuenta de la relevancia de la profesi\u00f3n en otros espacios y la vigencia de la misma.<span style=\"color: #008000;\"><strong> Enlace:<\/strong><\/span>\u00a0<strong><a href=\"https:\/\/www.youtube.com\/watch?v=pB5J4arFp6E\">https:\/\/www.youtube.com\/watch?v=pB5J4arFp6E<\/a><\/strong><\/p>\n<p style=\"text-align: center;\"><iframe loading=\"lazy\" title=\"YouTube video player\" src=\"https:\/\/www.youtube.com\/embed\/pB5J4arFp6E\" width=\"560\" height=\"315\" frameborder=\"0\" allowfullscreen=\"allowfullscreen\"><\/iframe><\/p>\n<p><span style=\"color: #008000;\"><strong>Jornadas: <\/strong><\/span>13\u00b0 Encuentro de Bibliotecarios de la Provincia de C\u00f3rdoba Modalidad Virtual. \u201cPensar la pr\u00e1ctica bibliotecol\u00f3gica desde la dimensi\u00f3n pol\u00edtica, social y cultural\u201d T\u00edtulo de la Experiencia: Creaci\u00f3n de bibliotecas interculturales para comunidades ind\u00edgenas en Argentina. Universidad Nacional de Cuyo (Mendoza-Argentina) \/ Carina Rosa Cortez. Asociaci\u00f3n Bibliotecarios de C\u00f3rdoba. 12\/09\/2020. El Encuentro de Bibliotecarios de la Provincia de C\u00f3rdoba del a\u00f1o 2020, pretende consolidar un espacio creado para el intercambio y debate entre especialistas y profesionales en bibliotecolog\u00eda. En \u00e9l se analizan problem\u00e1ticas asociadas a la intervenci\u00f3n profesional, las experiencias y buenas pr\u00e1cticas, buscando de esta manera impulsar esta \u00e1rea disciplinar no solo en la construcci\u00f3n de nuevos conocimientos para hacer frente a los desaf\u00edos actuales, sino para dar cuenta de la relevancia de la profesi\u00f3n en otros espacios y la vigencia de la misma. <span style=\"color: #008000;\"><strong>Enlace:<\/strong><\/span>\u00a0<strong><a href=\"https:\/\/www.youtube.com\/watch?v=QVXaeUBhHWQ\">https:\/\/www.youtube.com\/watch?v=QVXaeUBhHWQ<\/a><\/strong><\/p>\n<p style=\"text-align: center;\"><iframe loading=\"lazy\" title=\"YouTube video player\" src=\"https:\/\/www.youtube.com\/embed\/QVXaeUBhHWQ\" width=\"560\" height=\"315\" frameborder=\"0\" allowfullscreen=\"allowfullscreen\"><\/iframe><\/p>\n<p style=\"text-align: left;\"><span style=\"color: #008000;\"><strong>Jornadas:<\/strong> <\/span>13\u00b0 Encuentro de Bibliotecarios de la Provincia de C\u00f3rdoba Modalidad Virtual. \u201cPensar la pr\u00e1ctica bibliotecol\u00f3gica desde la dimensi\u00f3n pol\u00edtica, social y cultural\u201d T\u00edtulo de la Experiencia: Fake news, posverdad y el rol del profesional de la informaci\u00f3n \/ Lisa Mariela Balmaceda, F\u00e1tima Carolina Orellana. Asociaci\u00f3n Bibliotecarios de C\u00f3rdoba. 12\/09\/2020. El Encuentro de Bibliotecarios de la Provincia de C\u00f3rdoba del a\u00f1o 2020, pretende consolidar un espacio creado para el intercambio y debate entre especialistas y profesionales en bibliotecolog\u00eda. En \u00e9l se analizan problem\u00e1ticas asociadas a la intervenci\u00f3n profesional, las experiencias y buenas pr\u00e1cticas, buscando de esta manera impulsar esta \u00e1rea disciplinar no solo en la construcci\u00f3n de nuevos conocimientos para hacer frente a los desaf\u00edos actuales, sino para dar cuenta de la relevancia de la profesi\u00f3n en otros espacios y la vigencia de la misma. <span style=\"color: #008000;\"><strong>Enlace:<\/strong><\/span>\u00a0<strong><a href=\"https:\/\/www.youtube.com\/watch?v=EH-j3vsXe28\">https:\/\/www.youtube.com\/watch?v=EH-j3vsXe28<\/a><\/strong><\/p>\n<p style=\"text-align: center;\"><iframe loading=\"lazy\" title=\"YouTube video player\" src=\"https:\/\/www.youtube.com\/embed\/EH-j3vsXe28\" width=\"560\" height=\"315\" frameborder=\"0\" allowfullscreen=\"allowfullscreen\"><\/iframe><\/p>\n<p><span style=\"color: #008000;\"><strong>Jornadas:<\/strong><\/span> 13\u00b0 Encuentro de Bibliotecarios de la Provincia de C\u00f3rdoba Modalidad Virtual. \u201cPensar la pr\u00e1ctica bibliotecol\u00f3gica desde la dimensi\u00f3n pol\u00edtica, social y cultural\u201d T\u00edtulo de la Experiencia: CiberCaminata por la lectura Leer despierta la Voz \/ Mar\u00eda H\u00e9guiz. Asociaci\u00f3n Bibliotecarios de C\u00f3rdoba. 12\/09\/2020. El Encuentro de Bibliotecarios de la Provincia de C\u00f3rdoba del a\u00f1o 2020, pretende consolidar un espacio creado para el intercambio y debate entre especialistas y profesionales en bibliotecolog\u00eda. En \u00e9l se analizan problem\u00e1ticas asociadas a la intervenci\u00f3n profesional, las experiencias y buenas pr\u00e1cticas, buscando de esta manera impulsar esta \u00e1rea disciplinar no solo en la construcci\u00f3n de nuevos conocimientos para hacer frente a los desaf\u00edos actuales, sino para dar cuenta de la relevancia de la profesi\u00f3n en otros espacios y la vigencia de la misma. <strong><span style=\"color: #008000;\">Enlace:<\/span>\u00a0<a href=\"https:\/\/www.youtube.com\/watch?v=8s1Y1VTbdXA\">https:\/\/www.youtube.com\/watch?v=8s1Y1VTbdXA<\/a><\/strong><\/p>\n<p style=\"text-align: center;\"><iframe loading=\"lazy\" title=\"YouTube video player\" src=\"https:\/\/www.youtube.com\/embed\/8s1Y1VTbdXA\" width=\"560\" height=\"315\" frameborder=\"0\" allowfullscreen=\"allowfullscreen\"><\/iframe><\/p>\n<p><span style=\"color: #008000;\"><strong>Jornadas: <\/strong><\/span>13\u00b0 Encuentro de Bibliotecarios de la Provincia de C\u00f3rdoba Modalidad Virtual. \u201cPensar la pr\u00e1ctica bibliotecol\u00f3gica desde la dimensi\u00f3n pol\u00edtica, social y cultural\u201d T\u00edtulo de la Experiencia: Red Solidaria #Bibliotecarios en casa \/ ABC. Asociaci\u00f3n Bibliotecarios de C\u00f3rdoba. 12\/09\/2020. El Encuentro de Bibliotecarios de la Provincia de C\u00f3rdoba del a\u00f1o 2020, pretende consolidar un espacio creado para el intercambio y debate entre especialistas y profesionales en bibliotecolog\u00eda. En \u00e9l se analizan problem\u00e1ticas asociadas a la intervenci\u00f3n profesional, las experiencias y buenas pr\u00e1cticas, buscando de esta manera impulsar esta \u00e1rea disciplinar no solo en la construcci\u00f3n de nuevos conocimientos para hacer frente a los desaf\u00edos actuales, sino para dar cuenta de la relevancia de la profesi\u00f3n en otros espacios y la vigencia de la misma. <strong><span style=\"color: #339966;\"><span style=\"color: #008000;\">Enlace:\u00a0<\/span><a href=\"https:\/\/www.youtube.com\/watch?v=kdH9emp6W4c\">https:\/\/www.youtube.com\/watch?v=kdH9emp6W4c<\/a><\/span><\/strong><\/p>\n<p style=\"text-align: center;\"><iframe loading=\"lazy\" title=\"YouTube video player\" src=\"https:\/\/www.youtube.com\/embed\/kdH9emp6W4c\" width=\"560\" height=\"315\" frameborder=\"0\" allowfullscreen=\"allowfullscreen\"><\/iframe><\/p>\n<p style=\"text-align: left;\"><strong><span style=\"color: #008000;\">Capacitaci\u00f3n: <\/span><\/strong>Bibliocastia, profundizaci\u00f3n del concepto y nuevos oscurantismos Encuentro 1. Mela Bosch. Asociaci\u00f3n Bibliotecarios de C\u00f3rdoba. 02\/09\/2020. La Comisi\u00f3n de Homenaje Permanente a los Trabajadores de Bibliotecas Desaparecidos y Asesinados por el Terrorismo de Estado y la Asociaci\u00f3n Bibliotecarios de C\u00f3rdoba invitan a la Conferencia \u201cBiblioclastia, profundizaci\u00f3n del concepto y nuevos oscurantismos\u201d a cargo de Mela Bosch. Mela Bosch analizar\u00e1 las conductas, pr\u00e1cticas, procedimientos y dispositivos en un contexto de nuevo oscurantismo que conducen a la destrucci\u00f3n, desvalorizaci\u00f3n o invisibilizaci\u00f3n de recursos de acceso al conocimiento, de los espacios f\u00edsicos y de las personas que trabajan con ellos. <strong><span style=\"color: #008000;\">Enlace: <\/span><a href=\"https:\/\/www.youtube.com\/watch?v=WnpuLncMfRc\">https:\/\/www.youtube.com\/watch?v=WnpuLncM fRc<\/a><\/strong><\/p>\n<p style=\"text-align: center;\"><iframe loading=\"lazy\" title=\"YouTube video player\" src=\"https:\/\/www.youtube.com\/embed\/WnpuLncMfRc\" width=\"560\" height=\"315\" frameborder=\"0\" allowfullscreen=\"allowfullscreen\"><\/iframe><\/p>\n<p><span style=\"color: #008000;\"><strong>Charlas a la Comunidad<\/strong>:<\/span> Ciclo Dialogo Abierto. Bibliotecarios en tiempos de COVID-19. Biblioteca Nacional hacia una dimensi\u00f3n federal, inclusiva y de igualdad de oportunidades Lic. Elsa Rapetti. Subdirectora de la Biblioteca Nacional Mariano Moreno de la Rep\u00fablica Argentina. Asociaci\u00f3n Bibliotecarios de C\u00f3rdoba. 19\/06\/2020. Este ciclo tiene como finalidad conocer y conocernos desde la mirada de distintos especialistas cuyas tem\u00e1ticas atraviesan nuestra profesi\u00f3n, permitiendo interpelarnos y dar cuenta as\u00ed de la vivencia en tiempos de COVID-19. <span style=\"color: #008000;\"><strong>Enlace:\u00a0<\/strong><\/span> <strong><a href=\"https:\/\/www.youtube.com\/watch?v=xkLleVrEgAw.\">https:\/\/www.youtube.com\/watch?v=xkLleVrEgAw.<\/a><\/strong><\/p>\n<p style=\"text-align: center;\"><iframe loading=\"lazy\" title=\"YouTube video player\" src=\"https:\/\/www.youtube.com\/embed\/xkLleVrEgAw\" width=\"560\" height=\"315\" frameborder=\"0\" allowfullscreen=\"allowfullscreen\"><\/iframe><\/p>\n<p><span style=\"color: #008000;\"><strong>Charlas a la Comunidad: <\/strong><\/span>Ciclo Dialogo Abierto. Bibliotecarios en tiempos de COVID-19. Bibliotecas Populares en Argentina: trayectorias y encrucijadas Dr. Javier Planas. Investigador. Docente de la C\u00e1tedra Historia del Libro y de las Bibliotecas. Departamento de Bibliotecolog\u00eda. Universidad Nacional de La Plata. Asociaci\u00f3n Bibliotecarios de C\u00f3rdoba 26\/06\/2020. Este ciclo tiene como finalidad conocer y conocernos desde la mirada de distintos especialistas cuyas tem\u00e1ticas atraviesan nuestra profesi\u00f3n, permitiendo interpelarnos y dar cuenta as\u00ed de la vivencia en tiempos de COVID-19. <strong><span style=\"color: #008000;\">Enlace:<\/span>\u00a0<a href=\"https:\/\/www.youtube.com\/watch?v=FP-Kz_JXjz4\">https:\/\/www.youtube.com\/watch?v=FP-Kz_JXjz4<\/a><\/strong><\/p>\n<p style=\"text-align: center;\"><iframe loading=\"lazy\" title=\"YouTube video player\" src=\"https:\/\/www.youtube.com\/embed\/FP-Kz_JXjz4\" width=\"560\" height=\"315\" frameborder=\"0\" allowfullscreen=\"allowfullscreen\"><\/iframe><\/p>\n<p><span style=\"color: #008000;\"><strong>Charlas a la Comunidad:<\/strong> <\/span>Ciclo Dialogo Abierto. Bibliotecarios en tiempos de COVID-19. Ciencia abierta en Am\u00e9rica Latina: a la nube y m\u00e1s all\u00e1 Mg. Wouter Schallier. Jefe de Biblioteca Hern\u00e1n Santa Cruz. Comisi\u00f3n Econ\u00f3mica para Am\u00e9rica Latina y el Caribe (CEPAL). Naciones Unidas. Asociaci\u00f3n Bibliotecarios de C\u00f3rdoba. 01\/07\/2020. Este ciclo tiene como finalidad conocer y conocernos desde la mirada de distintos especialistas cuyas tem\u00e1ticas atraviesan nuestra profesi\u00f3n, permitiendo interpelarnos y dar cuenta as\u00ed de la vivencia en tiempos de COVID-19. <strong><span style=\"color: #339966;\"><span style=\"color: #008000;\">Enlace:<\/span>\u00a0<\/span><\/strong>\u00a0<strong><a href=\"https:\/\/www.youtube.com\/watch?v=OQuXvYvou34.\">https:\/\/www.youtube.com\/watch?v=OQuXvYvou34.<\/a><\/strong><\/p>\n<p style=\"text-align: center;\"><iframe loading=\"lazy\" title=\"YouTube video player\" src=\"https:\/\/www.youtube.com\/embed\/OQuXvYvou34\" width=\"560\" height=\"315\" frameborder=\"0\" allowfullscreen=\"allowfullscreen\"><\/iframe><\/p>\n<p><span style=\"color: #008000;\"><strong>Capacitaci\u00f3n:<\/strong> <\/span>Conversatorio Recomendaciones para Bibliotecas en Tiempos de COVID-19. Bib. Marta Pizarro y Bib. Julio Meli\u00e1n. Asociaci\u00f3n Bibliotecarios de C\u00f3rdoba 08\/06\/2020. Preocupados frente a esta nueva realidad que enfrentamos en el mundo por la Pandemia del COVID-19 estudiamos y analizamos distintos protocolos de Bibliotecas, organismos p\u00fablicos, conferencias y puntos de vista de distintos especialistas en la tem\u00e1tica. <strong><span style=\"color: #008000;\">Enlace:<\/span><\/strong>\u00a0<strong><a href=\"https:\/\/www.youtube.com\/watch?v=R1Lv066Z0ms.\">https:\/\/www.youtube.com\/watch?v=R1Lv066Z0ms.<\/a><\/strong><\/p>\n<p style=\"text-align: center;\"><iframe loading=\"lazy\" title=\"YouTube video player\" src=\"https:\/\/www.youtube.com\/embed\/R1Lv066Z0ms\" width=\"560\" height=\"315\" frameborder=\"0\" allowfullscreen=\"allowfullscreen\"><\/iframe><\/p>\n<p><span style=\"color: #008000;\"><strong>Capacitaci\u00f3n:<\/strong> <\/span><strong><span style=\"color: #008000;\">Gestor bibliogr\u00e1fico ZOTERO.<\/span><\/strong> Lic. Carlos Facciano. Asociaci\u00f3n Bibliotecarios de C\u00f3rdoba 03\/06\/2020. Un gestor bibliogr\u00e1fico es un software que permite guardar, modificar y usar citas bibliogr\u00e1ficas de determinados documentos. El objetivo de este Taller es que el participante reconozca al gestor bibliogr\u00e1fico como una herramienta fundamental en la formaci\u00f3n profesional y en el impacto que tendr\u00e1 a futuro en nuestros trabajos de investigaci\u00f3n. <span style=\"color: #008000;\"><strong>Enlace:<\/strong><\/span> <strong><a href=\"https:\/\/www.youtube.com\/watch?v=MetYp4dKHPw.\">https:\/\/www.youtube.com\/watch?v=MetYp4dKHPw.<\/a><\/strong><\/p>\n<p style=\"text-align: center;\"><iframe loading=\"lazy\" title=\"YouTube video player\" src=\"https:\/\/www.youtube.com\/embed\/MetYp4dKHPw\" width=\"560\" height=\"315\" frameborder=\"0\" allowfullscreen=\"allowfullscreen\" data-mce-fragment=\"1\"><\/iframe><\/p>\n<p>&nbsp;<\/p>\n","protected":false},"excerpt":{"rendered":"<p>Jornadas: Jornada de Bibliotecas Populares \u201cDesde el relato a los desaf\u00edos para el 2021\u201d. Asociaci\u00f3n Bibliotecarios de C\u00f3rdoba. 30\/11\/2021. Objetivo General Reivindicar en tiempos de pandemia, el rol social de las Bibliotecas Populares de la provincia de C\u00f3rdoba, visibilizando su <a href=\"https:\/\/abibcor.org.ar\/portalbibliotecaspopularescba\/2020-2\/\" class=\"read-more\">Leer m\u00e1s&#8230;<\/a><\/p>\n","protected":false},"author":3,"featured_media":0,"parent":0,"menu_order":0,"comment_status":"closed","ping_status":"closed","template":"","meta":{"footnotes":""},"class_list":["post-2032","page","type-page","status-publish","hentry"],"_links":{"self":[{"href":"https:\/\/abibcor.org.ar\/portalbibliotecaspopularescba\/wp-json\/wp\/v2\/pages\/2032","targetHints":{"allow":["GET"]}}],"collection":[{"href":"https:\/\/abibcor.org.ar\/portalbibliotecaspopularescba\/wp-json\/wp\/v2\/pages"}],"about":[{"href":"https:\/\/abibcor.org.ar\/portalbibliotecaspopularescba\/wp-json\/wp\/v2\/types\/page"}],"author":[{"embeddable":true,"href":"https:\/\/abibcor.org.ar\/portalbibliotecaspopularescba\/wp-json\/wp\/v2\/users\/3"}],"replies":[{"embeddable":true,"href":"https:\/\/abibcor.org.ar\/portalbibliotecaspopularescba\/wp-json\/wp\/v2\/comments?post=2032"}],"version-history":[{"count":11,"href":"https:\/\/abibcor.org.ar\/portalbibliotecaspopularescba\/wp-json\/wp\/v2\/pages\/2032\/revisions"}],"predecessor-version":[{"id":2050,"href":"https:\/\/abibcor.org.ar\/portalbibliotecaspopularescba\/wp-json\/wp\/v2\/pages\/2032\/revisions\/2050"}],"wp:attachment":[{"href":"https:\/\/abibcor.org.ar\/portalbibliotecaspopularescba\/wp-json\/wp\/v2\/media?parent=2032"}],"curies":[{"name":"wp","href":"https:\/\/api.w.org\/{rel}","templated":true}]}}